{"id":989761,"date":"2025-11-06T17:45:06","date_gmt":"2025-11-06T16:45:06","guid":{"rendered":"https:\/\/casparis20.fr\/?post_type=tribe_events&#038;p=989761"},"modified":"2025-11-07T13:01:51","modified_gmt":"2025-11-07T12:01:51","slug":"cas20-souffle-sa-premiere-bougie","status":"publish","type":"tribe_events","link":"https:\/\/casparis20.fr\/index.php\/agenda\/cas20-souffle-sa-premiere-bougie\/","title":{"rendered":"Journ\u00e9e anniversaire : la cas20 souffle sa premi\u00e8re bougie !"},"content":{"rendered":"<div class=\"vgblk-rw-wrapper limit-wrapper\">\n<h3>\ud83c\udf89 \u00c0 l\u2019occasion du premier anniversaire de la\u00a0<strong>CAS20<\/strong>\u00a0:<\/h3>\n<section class=\"cas20-anniversaire\">\ud83d\udd5a\u00a0<strong>11 h<\/strong>\u00a0\u2014 Accueil\ud83d\udd66\u00a0<strong>11 h 30<\/strong>\u00a0\u2014 Pr\u00e9sentation de la\u00a0<strong>S\u00e9curit\u00e9 sociale de l\u2019alimentation (SSA)<\/strong>\u00a0et de la\u00a0<strong>CAS20<\/strong><br \/>\n\ud83d\udc67\ud83e\uddc1\u00a0<em>Atelier enfants : d\u00e9co de cupcakes<\/em><\/p>\n<p>\ud83e\udd57\u00a0<strong>12 h 30<\/strong>\u00a0\u2014\u00a0<strong>Repas CAS\u2019Dahl<\/strong><br \/>\nMini-sandwiches et dahls chauds offerts par la Fl\u00e8che d\u2019Or<\/p>\n<p>\ud83e\udd67\u00a0<strong>13 h 30<\/strong>\u00a0\u2014\u00a0<strong>\u00c9lection de la meilleure tarte sucr\u00e9e<\/strong><br \/>\nApportez la v\u00f4tre ! Elle pourrait devenir l\u2019embl\u00e8me de la CAS20<\/p>\n<p>\ud83c\udfb5\u00a0<strong>14 h<\/strong>\u00a0\u2014\u00a0<strong>Quiz &amp; Blind Test<\/strong><\/p>\n<p>\ud83d\udde3\ufe0f\u00a0<strong>15 h<\/strong>\u00a0\u2014\u00a0<strong>Table ronde<\/strong>\u00a0anim\u00e9e par\u00a0<em>B\u00e9n\u00e9dicte Bonzi<\/em>, anthropologue<br \/>\n<strong>Th\u00e8me :<\/strong>\u00a0\u00ab Et si nous changions le syst\u00e8me alimentaire qu\u2019on nous impose ? \u00bb<\/p>\n<p><strong>\ud83d\udc65 Les intervenant\u00b7es :<\/strong><br \/>\n\u2022 Camille Leboulanger, auteur de\u00a0<em>Eutopia<\/em><br \/>\n\u2022 Hannane Somi, mara\u00eech\u00e8re \u00e0 Chelles<br \/>\n\u2022 Pauline Isambert, r\u00e9f\u00e9rente de la S\u00e9curit\u00e9 sociale de l\u2019alimentation \u00e0 la Conf\u00e9d\u00e9ration paysanne<br \/>\n\u2022 Les caisses alimentaires de Belgique, de Gironde, la Calien de Loos-en-Gohelle, la CAS20, la CAS14, les 400Coop<br \/>\n\u2022 Vivien Bourgeon, repr\u00e9sentant d\u2019Ing\u00e9nieurs Sans Fronti\u00e8res \/ Agrista<\/p>\n<p>\ud83d\udc67\ud83c\udf31\u00a0<em>Atelier enfants : les semences<\/em><\/p>\n<p>\ud83c\udf70\u00a0<strong>16 h 30<\/strong>\u00a0\u2014\u00a0<strong>Go\u00fbter en fanfare<\/strong><\/p>\n<p>\ud83d\udcac\u00a0<strong>17 h 30<\/strong>\u00a0\u2014\u00a0<strong>Conf\u00e9rence-D\u00e9bat<\/strong>\u00a0anim\u00e9e par\u00a0<em>B\u00e9n\u00e9dicte Bonzi<\/em>, anthropologue<br \/>\n\u00c0 partir du dossier de la revue\u00a0<em>Salariat<\/em>\u00a0:<br \/>\n<q>Une S\u00e9curit\u00e9 sociale pour tout, par tous et toutes ?<\/q><\/p>\n<p><strong>Intervenants :<\/strong><br \/>\n\u2022 Camille Leboulanger, auteur de\u00a0<em>Eutopia<\/em><br \/>\n\u2022 Antoine-Bernard de Raymond, sociologue \u00e0 l\u2019INRAE (Institut national de recherche pour l\u2019agriculture, l\u2019alimentation et l\u2019environnement)<\/p>\n<p>\ud83d\udeaa\u00a0<strong>19 h<\/strong>\u00a0\u2014\u00a0<strong>Fermeture des portes<\/strong><\/p>\n<\/section>\n<\/div>\n<p><!-- .vgblk-rw-wrapper --><\/p>\n","protected":false},"excerpt":{"rendered":"<p>\ud83c\udf89 \u00c0 l\u2019occasion du premier anniversaire de la\u00a0CAS20\u00a0: \ud83d\udd5a\u00a011 h\u00a0\u2014 Accueil\ud83d\udd66\u00a011 h 30\u00a0\u2014 Pr\u00e9sentation de la\u00a0S\u00e9curit\u00e9 sociale de l\u2019alimentation (SSA)\u00a0et de la\u00a0CAS20 \ud83d\udc67\ud83e\uddc1\u00a0Atelier enfants : d\u00e9co de cupcakes \ud83e\udd57\u00a012 h&#8230;<\/p>\n","protected":false},"author":1,"featured_media":0,"template":"","meta":{"_themeisle_gutenberg_block_has_review":false,"_tribe_events_status":"","_tribe_events_status_reason":"","footnotes":""},"tags":[],"tribe_events_cat":[60],"class_list":["post-989761","tribe_events","type-tribe_events","status-publish","hentry","tribe_events_cat-la-cas20-fait-son-festival","cat_la-cas20-fait-son-festival"],"yoast_head":"<!-- This site is optimized with the Yoast SEO plugin v24.8 - https:\/\/yoast.com\/wordpress\/plugins\/seo\/ -->\n<title>Journ\u00e9e anniversaire : la cas20 souffle sa premi\u00e8re bougie ! - CAS20<\/title>\n<meta name=\"robots\" content=\"index, follow, max-snippet:-1, max-image-preview:large, max-video-preview:-1\" \/>\n<link rel=\"canonical\" href=\"https:\/\/casparis20.fr\/index.php\/agenda\/cas20-souffle-sa-premiere-bougie\/\" \/>\n<meta property=\"og:locale\" content=\"en_US\" \/>\n<meta property=\"og:type\" content=\"article\" \/>\n<meta property=\"og:title\" content=\"Journ\u00e9e anniversaire : la cas20 souffle sa premi\u00e8re bougie ! - CAS20\" \/>\n<meta property=\"og:description\" content=\"\ud83c\udf89 \u00c0 l\u2019occasion du premier anniversaire de la\u00a0CAS20\u00a0: \ud83d\udd5a\u00a011 h\u00a0\u2014 Accueil\ud83d\udd66\u00a011 h 30\u00a0\u2014 Pr\u00e9sentation de la\u00a0S\u00e9curit\u00e9 sociale de l\u2019alimentation (SSA)\u00a0et de la\u00a0CAS20 \ud83d\udc67\ud83e\uddc1\u00a0Atelier enfants : d\u00e9co de cupcakes \ud83e\udd57\u00a012 h...\" \/>\n<meta property=\"og:url\" content=\"https:\/\/casparis20.fr\/index.php\/agenda\/cas20-souffle-sa-premiere-bougie\/\" \/>\n<meta property=\"og:site_name\" content=\"CAS20\" \/>\n<meta property=\"article:modified_time\" content=\"2025-11-07T12:01:51+00:00\" \/>\n<meta name=\"twitter:card\" content=\"summary_large_image\" \/>\n<meta name=\"twitter:label1\" content=\"Est. reading time\" \/>\n\t<meta name=\"twitter:data1\" content=\"2 minutes\" \/>\n<script type=\"application\/ld+json\" class=\"yoast-schema-graph\">{\"@context\":\"https:\/\/schema.org\",\"@graph\":[{\"@type\":\"WebPage\",\"@id\":\"https:\/\/casparis20.fr\/index.php\/agenda\/cas20-souffle-sa-premiere-bougie\/\",\"url\":\"https:\/\/casparis20.fr\/index.php\/agenda\/cas20-souffle-sa-premiere-bougie\/\",\"name\":\"Journ\u00e9e anniversaire : la cas20 souffle sa premi\u00e8re bougie ! - CAS20\",\"isPartOf\":{\"@id\":\"https:\/\/casparis20.fr\/#website\"},\"datePublished\":\"2025-11-06T16:45:06+00:00\",\"dateModified\":\"2025-11-07T12:01:51+00:00\",\"breadcrumb\":{\"@id\":\"https:\/\/casparis20.fr\/index.php\/agenda\/cas20-souffle-sa-premiere-bougie\/#breadcrumb\"},\"inLanguage\":\"en-US\",\"potentialAction\":[{\"@type\":\"ReadAction\",\"target\":[\"https:\/\/casparis20.fr\/index.php\/agenda\/cas20-souffle-sa-premiere-bougie\/\"]}]},{\"@type\":\"BreadcrumbList\",\"@id\":\"https:\/\/casparis20.fr\/index.php\/agenda\/cas20-souffle-sa-premiere-bougie\/#breadcrumb\",\"itemListElement\":[{\"@type\":\"ListItem\",\"position\":1,\"name\":\"Accueil\",\"item\":\"https:\/\/casparis20.fr\/\"},{\"@type\":\"ListItem\",\"position\":2,\"name\":\"\u00c9v\u00e8nements\",\"item\":\"https:\/\/casparis20.fr\/index.php\/events\/\"},{\"@type\":\"ListItem\",\"position\":3,\"name\":\"Journ\u00e9e anniversaire : la cas20 souffle sa premi\u00e8re bougie !\"}]},{\"@type\":\"WebSite\",\"@id\":\"https:\/\/casparis20.fr\/#website\",\"url\":\"https:\/\/casparis20.fr\/\",\"name\":\"CAS20\",\"description\":\"Caisse Alimentaire solidaire - Paris 20\",\"publisher\":{\"@id\":\"https:\/\/casparis20.fr\/#organization\"},\"potentialAction\":[{\"@type\":\"SearchAction\",\"target\":{\"@type\":\"EntryPoint\",\"urlTemplate\":\"https:\/\/casparis20.fr\/?s={search_term_string}\"},\"query-input\":{\"@type\":\"PropertyValueSpecification\",\"valueRequired\":true,\"valueName\":\"search_term_string\"}}],\"inLanguage\":\"en-US\"},{\"@type\":\"Organization\",\"@id\":\"https:\/\/casparis20.fr\/#organization\",\"name\":\"CAS20\",\"url\":\"https:\/\/casparis20.fr\/\",\"logo\":{\"@type\":\"ImageObject\",\"inLanguage\":\"en-US\",\"@id\":\"https:\/\/casparis20.fr\/#\/schema\/logo\/image\/\",\"url\":\"https:\/\/casparis20.fr\/wp-content\/uploads\/2025\/02\/Logo_complet_RVB_rouge_CAS20.png\",\"contentUrl\":\"https:\/\/casparis20.fr\/wp-content\/uploads\/2025\/02\/Logo_complet_RVB_rouge_CAS20.png\",\"width\":6278,\"height\":2718,\"caption\":\"CAS20\"},\"image\":{\"@id\":\"https:\/\/casparis20.fr\/#\/schema\/logo\/image\/\"}}]}<\/script>\n<!-- \/ Yoast SEO plugin. -->","yoast_head_json":{"title":"Journ\u00e9e anniversaire : la cas20 souffle sa premi\u00e8re bougie ! - CAS20","robots":{"index":"index","follow":"follow","max-snippet":"max-snippet:-1","max-image-preview":"max-image-preview:large","max-video-preview":"max-video-preview:-1"},"canonical":"https:\/\/casparis20.fr\/index.php\/agenda\/cas20-souffle-sa-premiere-bougie\/","og_locale":"en_US","og_type":"article","og_title":"Journ\u00e9e anniversaire : la cas20 souffle sa premi\u00e8re bougie ! - CAS20","og_description":"\ud83c\udf89 \u00c0 l\u2019occasion du premier anniversaire de la\u00a0CAS20\u00a0: \ud83d\udd5a\u00a011 h\u00a0\u2014 Accueil\ud83d\udd66\u00a011 h 30\u00a0\u2014 Pr\u00e9sentation de la\u00a0S\u00e9curit\u00e9 sociale de l\u2019alimentation (SSA)\u00a0et de la\u00a0CAS20 \ud83d\udc67\ud83e\uddc1\u00a0Atelier enfants : d\u00e9co de cupcakes \ud83e\udd57\u00a012 h...","og_url":"https:\/\/casparis20.fr\/index.php\/agenda\/cas20-souffle-sa-premiere-bougie\/","og_site_name":"CAS20","article_modified_time":"2025-11-07T12:01:51+00:00","twitter_card":"summary_large_image","twitter_misc":{"Est. reading time":"2 minutes"},"schema":{"@context":"https:\/\/schema.org","@graph":[{"@type":"WebPage","@id":"https:\/\/casparis20.fr\/index.php\/agenda\/cas20-souffle-sa-premiere-bougie\/","url":"https:\/\/casparis20.fr\/index.php\/agenda\/cas20-souffle-sa-premiere-bougie\/","name":"Journ\u00e9e anniversaire : la cas20 souffle sa premi\u00e8re bougie ! - CAS20","isPartOf":{"@id":"https:\/\/casparis20.fr\/#website"},"datePublished":"2025-11-06T16:45:06+00:00","dateModified":"2025-11-07T12:01:51+00:00","breadcrumb":{"@id":"https:\/\/casparis20.fr\/index.php\/agenda\/cas20-souffle-sa-premiere-bougie\/#breadcrumb"},"inLanguage":"en-US","potentialAction":[{"@type":"ReadAction","target":["https:\/\/casparis20.fr\/index.php\/agenda\/cas20-souffle-sa-premiere-bougie\/"]}]},{"@type":"BreadcrumbList","@id":"https:\/\/casparis20.fr\/index.php\/agenda\/cas20-souffle-sa-premiere-bougie\/#breadcrumb","itemListElement":[{"@type":"ListItem","position":1,"name":"Accueil","item":"https:\/\/casparis20.fr\/"},{"@type":"ListItem","position":2,"name":"\u00c9v\u00e8nements","item":"https:\/\/casparis20.fr\/index.php\/events\/"},{"@type":"ListItem","position":3,"name":"Journ\u00e9e anniversaire : la cas20 souffle sa premi\u00e8re bougie !"}]},{"@type":"WebSite","@id":"https:\/\/casparis20.fr\/#website","url":"https:\/\/casparis20.fr\/","name":"CAS20","description":"Caisse Alimentaire solidaire - Paris 20","publisher":{"@id":"https:\/\/casparis20.fr\/#organization"},"potentialAction":[{"@type":"SearchAction","target":{"@type":"EntryPoint","urlTemplate":"https:\/\/casparis20.fr\/?s={search_term_string}"},"query-input":{"@type":"PropertyValueSpecification","valueRequired":true,"valueName":"search_term_string"}}],"inLanguage":"en-US"},{"@type":"Organization","@id":"https:\/\/casparis20.fr\/#organization","name":"CAS20","url":"https:\/\/casparis20.fr\/","logo":{"@type":"ImageObject","inLanguage":"en-US","@id":"https:\/\/casparis20.fr\/#\/schema\/logo\/image\/","url":"https:\/\/casparis20.fr\/wp-content\/uploads\/2025\/02\/Logo_complet_RVB_rouge_CAS20.png","contentUrl":"https:\/\/casparis20.fr\/wp-content\/uploads\/2025\/02\/Logo_complet_RVB_rouge_CAS20.png","width":6278,"height":2718,"caption":"CAS20"},"image":{"@id":"https:\/\/casparis20.fr\/#\/schema\/logo\/image\/"}}]}},"_links":{"self":[{"href":"https:\/\/casparis20.fr\/index.php\/wp-json\/wp\/v2\/tribe_events\/989761","targetHints":{"allow":["GET"]}}],"collection":[{"href":"https:\/\/casparis20.fr\/index.php\/wp-json\/wp\/v2\/tribe_events"}],"about":[{"href":"https:\/\/casparis20.fr\/index.php\/wp-json\/wp\/v2\/types\/tribe_events"}],"author":[{"embeddable":true,"href":"https:\/\/casparis20.fr\/index.php\/wp-json\/wp\/v2\/users\/1"}],"version-history":[{"count":4,"href":"https:\/\/casparis20.fr\/index.php\/wp-json\/wp\/v2\/tribe_events\/989761\/revisions"}],"predecessor-version":[{"id":989833,"href":"https:\/\/casparis20.fr\/index.php\/wp-json\/wp\/v2\/tribe_events\/989761\/revisions\/989833"}],"wp:attachment":[{"href":"https:\/\/casparis20.fr\/index.php\/wp-json\/wp\/v2\/media?parent=989761"}],"wp:term":[{"taxonomy":"post_tag","embeddable":true,"href":"https:\/\/casparis20.fr\/index.php\/wp-json\/wp\/v2\/tags?post=989761"},{"taxonomy":"tribe_events_cat","embeddable":true,"href":"https:\/\/casparis20.fr\/index.php\/wp-json\/wp\/v2\/tribe_events_cat?post=989761"}],"curies":[{"name":"wp","href":"https:\/\/api.w.org\/{rel}","templated":true}]}}